{"id":15497,"date":"2022-01-07T12:28:43","date_gmt":"2022-01-07T16:28:43","guid":{"rendered":"https:\/\/www.aguilamuebles.cl\/tienda\/?post_type=product&#038;p=15497"},"modified":"2024-06-19T11:55:26","modified_gmt":"2024-06-19T15:55:26","slug":"cama-queen-tapizada-adelloni-ashley","status":"publish","type":"product","link":"https:\/\/www.aguilamuebles.cl\/tienda\/product\/cama-queen-tapizada-adelloni-ashley\/","title":{"rendered":"Cama Queen Ashley B080-481"},"content":{"rendered":"<div class=\"col-xs-12 col-sm-8 col-md-8\">\n<h5>DETALLES<\/h5>\n<p>Simplifica tu espacio y prepara el escenario para una buena noche de sue\u00f1o con esta cama tapizada. L\u00edneas limpias y tapicer\u00eda de imitaci\u00f3n de cuero crean la silueta moderna y sin adornos con la que quieres despertarte cada ma\u00f1ana.<\/p>\n<div class=\"bulletPoint\">\n<ul>\n<li>Incluye cabecero tapizado tama\u00f1o queen, estribo, rieles y listones<\/li>\n<li>Tapizado en imitaci\u00f3n de cuero marr\u00f3n<\/li>\n<li>Corte con cabezas de clavo<\/li>\n<li>Pies de madera a la vista<\/li>\n<li>Cama no requiere de base\/caja de resortes<\/li>\n<li>Colch\u00f3n disponible, se vende por separado<\/li>\n<li>Esta cabecera ofrece tres ajustes de altura para acomodar varios espesores de colch\u00f3n. El rango es de 48.75&#8243; a 53.5&#8243;.<\/li>\n<li>Ensamblaje requerido<\/li>\n<\/ul>\n<\/div>\n<\/div>\n<div class=\"col-xs-12 col-sm-4 col-md-4 dimensionCustom\">\n<h5><b>DIMENSIONES<\/b><\/h5>\n<ul class=\"dimCustomCls\">\n<li>Queen Ancho: 165.74 cm<\/li>\n<li>Queen Profundidad: 227.33 cm<\/li>\n<li>Queen Alto: 122.56 cm<\/li>\n<\/ul>\n<\/div>\n<p>&nbsp;<\/p>\n<h5><b>GARANT\u00cdA LEGAL<\/b><\/h5>\n<p>Los productos poseen una garant\u00eda de 3 meses establecida por la Ley 19.496 Sobre Protecci\u00f3n de los Derechos de Los Consumidores, contados desde la fecha de recepci\u00f3n del producto, en caso de fallas o deficiencias que afecten el uso al cual est\u00e1 destinado el producto. De acuerdo con la ley de protecci\u00f3n al consumidor, en caso de falla del producto tiene el derecho a elegir entre las siguientes opciones:<\/p>\n<ol type=\"I\">\n<li>Reparaci\u00f3n gratuita del producto.<\/li>\n<li>Reposici\u00f3n o cambio.<\/li>\n<li>La devoluci\u00f3n del dinero pagado.<\/li>\n<\/ol>\n<p>Para ejercer este derecho, se deben determinar preliminarmente las causas de falla del producto. No podr\u00e1 ejercer este derecho cuando el deterioro sea imputable al cliente por su mal uso .<\/p>\n<h5><span style=\"color: #ff0000;\">Precio publicado para Zona Franca, A OTRAS REGIONES SE APLICAN COSTOS EXTRAS : IVA(19%), Impuesto ad valorem(6%), generaci\u00f3n de DIN y honorarios de Agencia de aduana.<\/span><\/h5>\n<p><span style=\"color: #ff0000;\">Inf\u00f3rmese en Manual de Zona Franca p\u00e1gina 22.<\/span><\/p>\n<p><span style=\"color: #ff0000;\"><b><em>El stock disponible de nuestro producto puede variar, por favor cont\u00e1ctenos para saber m\u00e1s a cerca de la disponibilidad de este producto \u00f3 escr\u00edbenos a nuestro \u00a0<a style=\"color: #ff0000;\" href=\"https:\/\/wa.me\/56997056557\">Whatsapp<\/a>.<\/em><\/b><\/span><\/p>\n","protected":false},"excerpt":{"rendered":"<div class=\"woocommerce-product-details__short-description\">\n<h5><span style=\"color: #ff0000;\">AL RESTO DEL PA\u00cdS $828.294<\/span><\/h5>\n<h5><span style=\"color: #ff0000;\">PRECIO CAMA QUEEN $349.900<\/span><\/h5>\n<h5><span style=\"color: #ff0000;\">PRECIO COLCHO QUEEN $279.000<\/span><\/h5>\n<p><span style=\"color: #ff0000;\"><b><em>El stock disponible de nuestro producto puede variar, por favor cont\u00e1ctenos para saber m\u00e1s a cerca de la disponibilidad de este producto \u00f3 escr\u00edbenos a nuestro \u00a0<a style=\"color: #ff0000;\" href=\"https:\/\/wa.me\/56997056557\">Whatsapp<\/a>.<\/em><\/b><\/span><\/p>\n<\/div>\n<p class=\"stock available-on-backorder\"><span style=\"color: #ff0000;\">Disponible para Entrega Inmediata.<\/span><\/p>\n<h5><span style=\"color: #ff0000;\">Entrega a domicilio<\/span><\/h5>\n<p>Este servicio se cobra por aparte. Tambi\u00e9n puede retirar en nuestra Tienda, ubicado en Manzana E sitio 48E &#8211; Barrio Industrial (diagonal a la puerta 4 de Zofri).<\/p>\n<p>Horario de atenci\u00f3n de lunes a viernes.<br \/>\nDe 9 a 14HRS y De 15 a 19HRS<\/p>\n<div class=\"shareThis\"><span class=\"socLeft\"><a><img decoding=\"async\" src=\"https:\/\/intlhomestore.com\/layout\/one_1920\/images\/cst-Facebook.png\" alt=\"\" \/><\/a><img decoding=\"async\" class=\"\" src=\"https:\/\/intlhomestore.com\/layout\/one_1920\/images\/cst-email.png\" alt=\"\" \/><\/span><\/div>\n","protected":false},"featured_media":15501,"comment_status":"open","ping_status":"closed","template":"","meta":[],"product_brand":[],"product_cat":[166,100,78,161],"product_tag":[],"class_list":{"0":"post-15497","1":"product","2":"type-product","3":"status-publish","4":"has-post-thumbnail","6":"product_cat-cama","7":"product_cat-dormitorio","8":"product_cat-otros","9":"product_cat-tocadores","11":"first","12":"instock","13":"sale","14":"taxable","15":"shipping-taxable","16":"purchasable","17":"product-type-simple"},"_links":{"self":[{"href":"https:\/\/www.aguilamuebles.cl\/tienda\/wp-json\/wp\/v2\/product\/15497","targetHints":{"allow":["GET"]}}],"collection":[{"href":"https:\/\/www.aguilamuebles.cl\/tienda\/wp-json\/wp\/v2\/product"}],"about":[{"href":"https:\/\/www.aguilamuebles.cl\/tienda\/wp-json\/wp\/v2\/types\/product"}],"replies":[{"embeddable":true,"href":"https:\/\/www.aguilamuebles.cl\/tienda\/wp-json\/wp\/v2\/comments?post=15497"}],"wp:featuredmedia":[{"embeddable":true,"href":"https:\/\/www.aguilamuebles.cl\/tienda\/wp-json\/wp\/v2\/media\/15501"}],"wp:attachment":[{"href":"https:\/\/www.aguilamuebles.cl\/tienda\/wp-json\/wp\/v2\/media?parent=15497"}],"wp:term":[{"taxonomy":"product_brand","embeddable":true,"href":"https:\/\/www.aguilamuebles.cl\/tienda\/wp-json\/wp\/v2\/product_brand?post=15497"},{"taxonomy":"product_cat","embeddable":true,"href":"https:\/\/www.aguilamuebles.cl\/tienda\/wp-json\/wp\/v2\/product_cat?post=15497"},{"taxonomy":"product_tag","embeddable":true,"href":"https:\/\/www.aguilamuebles.cl\/tienda\/wp-json\/wp\/v2\/product_tag?post=15497"}],"curies":[{"name":"wp","href":"https:\/\/api.w.org\/{rel}","templated":true}]}}