{"id":28783,"date":"2023-07-04T17:53:55","date_gmt":"2023-07-04T21:53:55","guid":{"rendered":"https:\/\/www.aguilamuebles.cl\/tienda\/?post_type=product&#038;p=28783"},"modified":"2025-10-10T08:46:37","modified_gmt":"2025-10-10T12:46:37","slug":"mesa-redonda-minimalista-elegante-para-oficina-y-hogar-web-s05a","status":"publish","type":"product","link":"https:\/\/www.aguilamuebles.cl\/tienda\/product\/mesa-redonda-minimalista-elegante-para-oficina-y-hogar-web-s05a\/","title":{"rendered":"Mesa redonda minimalista elegante para oficina y hogar WEB-S05A"},"content":{"rendered":"<div>\n<h3>Detalles<\/h3>\n<\/div>\n<p>\u00a1Tenemos la mesa redonda perfecta para ti! Nuestra mesa redonda es ideal para aquellos que necesitan un mueble funcional y decorativo en su hogar u oficina sin ocupar demasiado espacio.<\/p>\n<p>Con su dise\u00f1o redondo y elegante, esta mesa es perfecta para colocar en cualquier habitaci\u00f3n de tu hogar u oficina. Adem\u00e1s, su tama\u00f1o la hace lo suficientemente espaciosa como para acomodar tus necesidades, ya sea para trabajar, estudiar o simplemente disfrutar de un almuerzo con tus colegas.<\/p>\n<p>Esta mesa cuenta con una superficie resistente y duradera que te permite utilizarla para cualquier actividad, desde trabajar con tu computadora port\u00e1til hasta colocar decoraciones o utilizarla como mesa de comedor. Adem\u00e1s, su estilo minimalista y elegante combina con cualquier decoraci\u00f3n y la convierte en un complemento perfecto para cualquier espacio.<\/p>\n<p>\u00a1No esperes m\u00e1s y consigue ya nuestra mesa redonda para darle un toque de estilo y funcionalidad a tu hogar u oficina!<\/p>\n<ul>\n<li>Producto se entrega desarmado, armado facil, incluye herramientas.<\/li>\n<\/ul>\n<h3 class=\"tab-header3\">Dimensiones.<\/h3>\n<ul class=\"qs-specs col-100 tm-border-grey-2 border-top-0 col-100 \">\n<li class=\"tm-table-fixed p-mobile-0 noliststyle \"><span class=\"font-12 col-50 p-mobile-2 wl-word-break tm-tcell-top ntxt\">Profundidad<\/span><span class=\"font-12 col-50 p-mobile-2 wl-word-break tm-tcell-top\">: 90 cm<\/span><\/li>\n<li class=\"tm-table-fixed p-mobile-0 noliststyle \"><span class=\"font-12 col-50 p-mobile-2 wl-word-break tm-tcell-top ntxt\">Ancho<\/span><span class=\"font-12 col-50 p-mobile-2 wl-word-break tm-tcell-top\">: 90 cm<\/span><\/li>\n<li class=\"tm-table-fixed p-mobile-0 noliststyle \"><span class=\"font-12 col-50 p-mobile-2 wl-word-break tm-tcell-top ntxt\">Altura<\/span><span class=\"font-12 col-50 p-mobile-2 wl-word-break tm-tcell-top\">: 75 cm<\/span><\/li>\n<\/ul>\n<div>\n<h3>Material<\/h3>\n<\/div>\n<ul>\n<li>Estructura en Metal<\/li>\n<li>Escritorio en Trupan Melaminad<\/li>\n<li>Caja1 : 100cm x 100cm x 13.5cm 15kg<\/li>\n<\/ul>\n<h3><span style=\"color: #ff0000;\">Garant\u00eda<\/span><\/h3>\n<ul>\n<li><span style=\"color: #ff0000;\">La garant\u00eda solo cubre fallas de fabricaci\u00f3n.<\/span><\/li>\n<\/ul>\n<h5><span style=\"color: #ff0000;\">Precio publicado para Zona Franca, A OTRAS REGIONES SE APLICAN COSTOS EXTRAS : IVA(19%), Impuesto ad valorem(6%), generaci\u00f3n de DIN y honorarios de Agencia de aduana.<\/span><\/h5>\n<p><span style=\"color: #ff0000;\">Inf\u00f3rmese en Manual de Zona Franca p\u00e1gina 22.<\/span><\/p>\n<p><span style=\"color: #ff0000;\"><b><em>El stock disponible de nuestro producto puede variar, por favor cont\u00e1ctenos para saber m\u00e1s a cerca de la disponibilidad de este producto \u00f3 escr\u00edbenos a nuestro \u00a0<a style=\"color: #ff0000;\" href=\"https:\/\/wa.me\/56997056557\">Whatsapp<\/a>.<\/em><\/b><\/span><\/p>\n","protected":false},"excerpt":{"rendered":"<div class=\"woocommerce-product-details__short-description\">\n<div class=\"woocommerce-product-details__short-description\">\n<h5><span style=\"color: #ff0000;\">AL RESTO DEL PA\u00cdS $105.638<\/span><\/h5>\n<h5><b style=\"color: #ff0000;\"><em>El stock disponible de nuestro producto puede variar, por favor cont\u00e1ctenos para saber m\u00e1s a cerca de la disponibilidad de este producto \u00f3 escr\u00edbenos a nuestro \u00a0<a style=\"color: #ff0000;\" href=\"https:\/\/wa.me\/56997056557\">Whatsapp<\/a>.<\/em><\/b><\/h5>\n<p class=\"stock available-on-backorder\"><span style=\"color: #ff0000;\">Disponible para Entrega Inmediata.<\/span><\/p>\n<h5><span style=\"color: #ff0000;\">Entrega a domicilio<\/span><\/h5>\n<p><span style=\"color: #ff0000;\">Este servicio se cobra por aparte. Tambi\u00e9n puede retirar en nuestra Tienda, ubicado en Manzana E sitio 48E \u2013 Barrio Industrial (diagonal a la puerta 4 de Zofri).<\/span><\/p>\n<p><span style=\"color: #ff0000;\">Horario de atenci\u00f3n de lunes a viernes.<\/span><br \/>\n<span style=\"color: #ff0000;\">De 8:30 a 14HRS y De 15 a 18:30HRS<\/span><\/p>\n<div class=\"shareThis\"><span class=\"socLeft\" style=\"color: #ff0000;\"><a style=\"color: #ff0000;\"><img decoding=\"async\" src=\"https:\/\/intlhomestore.com\/layout\/one_1920\/images\/cst-Facebook.png\" alt=\"\" \/>@Aguilamuebles.cl<\/a><\/span><\/div>\n<div class=\"shareThis\"><span class=\"socLeft\" style=\"color: #ff0000;\"><img decoding=\"async\" class=\"\" src=\"https:\/\/intlhomestore.com\/layout\/one_1920\/images\/cst-email.png\" alt=\"\" \/>vetas1@ooook.com<\/span><\/div>\n<\/div>\n<\/div>\n","protected":false},"featured_media":28784,"comment_status":"open","ping_status":"closed","template":"","meta":[],"product_brand":[],"product_cat":[86,65,98],"product_tag":[],"class_list":{"0":"post-28783","1":"product","2":"type-product","3":"status-publish","4":"has-post-thumbnail","6":"product_cat-escritorios","7":"product_cat-oficina","8":"product_cat-reunion","10":"first","11":"instock","12":"sale","13":"taxable","14":"shipping-taxable","15":"purchasable","16":"product-type-simple"},"_links":{"self":[{"href":"https:\/\/www.aguilamuebles.cl\/tienda\/wp-json\/wp\/v2\/product\/28783","targetHints":{"allow":["GET"]}}],"collection":[{"href":"https:\/\/www.aguilamuebles.cl\/tienda\/wp-json\/wp\/v2\/product"}],"about":[{"href":"https:\/\/www.aguilamuebles.cl\/tienda\/wp-json\/wp\/v2\/types\/product"}],"replies":[{"embeddable":true,"href":"https:\/\/www.aguilamuebles.cl\/tienda\/wp-json\/wp\/v2\/comments?post=28783"}],"wp:featuredmedia":[{"embeddable":true,"href":"https:\/\/www.aguilamuebles.cl\/tienda\/wp-json\/wp\/v2\/media\/28784"}],"wp:attachment":[{"href":"https:\/\/www.aguilamuebles.cl\/tienda\/wp-json\/wp\/v2\/media?parent=28783"}],"wp:term":[{"taxonomy":"product_brand","embeddable":true,"href":"https:\/\/www.aguilamuebles.cl\/tienda\/wp-json\/wp\/v2\/product_brand?post=28783"},{"taxonomy":"product_cat","embeddable":true,"href":"https:\/\/www.aguilamuebles.cl\/tienda\/wp-json\/wp\/v2\/product_cat?post=28783"},{"taxonomy":"product_tag","embeddable":true,"href":"https:\/\/www.aguilamuebles.cl\/tienda\/wp-json\/wp\/v2\/product_tag?post=28783"}],"curies":[{"name":"wp","href":"https:\/\/api.w.org\/{rel}","templated":true}]}}