{"id":7076,"date":"2021-02-18T12:32:56","date_gmt":"2021-02-18T16:32:56","guid":{"rendered":"https:\/\/www.aguilamuebles.cl\/tienda\/?post_type=product&#038;p=7076"},"modified":"2022-07-27T11:08:05","modified_gmt":"2022-07-27T15:08:05","slug":"silla-decorativa-sidewinder-2","status":"publish","type":"product","link":"https:\/\/www.aguilamuebles.cl\/tienda\/product\/silla-decorativa-sidewinder-2\/","title":{"rendered":"Silla Decorativa Sidewinder"},"content":{"rendered":"<h1>Silla Decorativa Sidewinder<\/h1>\n<h5>ENTREGA INMEDIATA<\/h5>\n<p>Modelo A3000134<\/p>\n<h5>DETALLES<\/h5>\n<p>Tome un asiento c\u00f3modo en esta moderna silla decorativa.\u00a0Tapizado en una tela de mezcla de poli\u00e9ster azul, te encantar\u00e1 c\u00f3mo se siente.\u00a0La espalda copetuda agrega un elemento de dise\u00f1o elegante.\u00a0El perfil sin brazos con base en \u00abX\u00bb lo convierte en el compa\u00f1ero perfecto para espacios abiertos. Silla decorativa.\u00a0Sin brazos.\u00a0Tapizado en Tejido Mezcla de Poli\u00e9ster Azul.\u00a0Coj\u00edn capiton\u00e9 para el respaldo y el asiento con estructura de cincha.\u00a0Estructura de madera y base en \u00abX\u00bb en acabado marr\u00f3n claro.<\/p>\n<div class=\"bulletPoint\">\n<ul>\n<li>Marco bloqueado en esquina<\/li>\n<li>Cojines de respaldo y asiento adjuntos<\/li>\n<li>Los cojines de espuma est\u00e1n envueltos en polifibra gruesa<\/li>\n<li>Tapicer\u00eda de mezcla de poli\u00e9ster<\/li>\n<li>Marco de madera vista con acabado marr\u00f3n claro<\/li>\n<\/ul>\n<\/div>\n<h5><\/h5>\n<h5><b>DIMENSIONES<\/b><\/h5>\n<ul class=\"dimCustomCls\">\n<li>\u00a0Ancho: 71.12 cm<\/li>\n<li>\u00a0Profundidad: 87.96 cm<\/li>\n<li>\u00a0Alto: 90,81 cm<\/li>\n<\/ul>\n<p>&nbsp;<\/p>\n<h5><b>ENTREGA A DOMICILIO<\/b><\/h5>\n<p>Este servicio se cobra por separado. Tambi\u00e9n puede retirar en el Centro de Distribuci\u00f3n, \u00e9sta, debe ser coordinada con anticipaci\u00f3n.<\/p>\n<h5><b>GARANT\u00cdA LEGAL<\/b><\/h5>\n<p>Los productos poseen una garant\u00eda de 3 meses establecida por la Ley 19.496 Sobre Protecci\u00f3n de los Derechos de Los Consumidores, contados desde la fecha de recepci\u00f3n del producto, en caso de fallas o deficiencias que afecten el uso al cual est\u00e1 destinado el producto. De acuerdo con la ley de protecci\u00f3n al consumidor, en caso de falla del producto tiene el derecho a elegir entre las siguientes opciones:<\/p>\n<ol type=\"I\">\n<li>Reparaci\u00f3n gratuita del producto.<\/li>\n<li>Reposici\u00f3n o cambio.<\/li>\n<li>La devoluci\u00f3n del dinero pagado.<\/li>\n<\/ol>\n<p>Para ejercer este derecho, se deben determinar preliminarmente las causas de falla del producto. No podr\u00e1 ejercer este derecho cuando el deterioro sea imputable al cliente por su mal uso .<\/p>\n<h5><span style=\"color: #ff0000;\">Precio publicado para Zona Franca, A OTRAS REGIONES SE APLICAN COSTOS EXTRAS : IVA(19%), Impuesto ad valorem(6%), generaci\u00f3n de DIN y honorarios de Agencia de aduana.<\/span><\/h5>\n<p><span style=\"color: #ff0000;\">Inf\u00f3rmese en Manual de Zona Franca p\u00e1gina 22.<\/span><\/p>\n<p><span style=\"color: #ff0000;\"><b><em>El stock disponible de nuestro producto puede variar, por favor cont\u00e1ctenos para saber m\u00e1s a cerca de la disponibilidad de este producto \u00f3 escr\u00edbenos a nuestro \u00a0<a style=\"color: #ff0000;\" href=\"https:\/\/wa.me\/56997056557\">Whatsapp<\/a>.<\/em><\/b><\/span><\/p>\n","protected":false},"excerpt":{"rendered":"<div class=\"woocommerce-product-details__short-description\">\n<h5><span style=\"color: #ff0000;\">AL RESTO DEL PA\u00cdS $526.946<\/span><\/h5>\n<h5><span style=\"color: #ff0000;\"><b><em>El stock disponible de nuestro producto puede variar, por favor cont\u00e1ctenos para saber m\u00e1s a cerca de la disponibilidad de este producto \u00f3 escr\u00edbenos a nuestro\u00a0\u00a0<a style=\"color: #ff0000;\" href=\"https:\/\/wa.me\/56997056557\">Whatsapp<\/a>.<\/em><\/b><\/span><\/h5>\n<\/div>\n<p class=\"stock available-on-backorder\"><span style=\"color: #ff0000;\">Disponible para Entrega Inmediata.<\/span><\/p>\n<h5><span style=\"color: #ff0000;\">Entrega a domicilio<\/span><\/h5>\n<p><span style=\"color: #ff0000;\">Este servicio se cobra por aparte. Tambi\u00e9n puede retirar en nuestra Tienda, ubicado en Manzana E sitio 48E \u2013 Barrio Industrial (diagonal a la puerta 4 de Zofri).<\/span><\/p>\n<p>Horario de atenci\u00f3n de lunes a viernes.<br \/>\nDe 8:30 a 14HRS y De 15 a 18:30HRS<\/p>\n<div class=\"shareThis\"><span class=\"socLeft\"><a><img decoding=\"async\" src=\"https:\/\/intlhomestore.com\/layout\/one_1920\/images\/cst-Facebook.png\" alt=\"\" \/><\/a><img decoding=\"async\" class=\"\" src=\"https:\/\/intlhomestore.com\/layout\/one_1920\/images\/cst-email.png\" alt=\"\" \/><\/span><\/div>\n","protected":false},"featured_media":7077,"comment_status":"open","ping_status":"closed","template":"","meta":[],"product_brand":[],"product_cat":[63,154],"product_tag":[],"class_list":{"0":"post-7076","1":"product","2":"type-product","3":"status-publish","4":"has-post-thumbnail","6":"product_cat-living","7":"product_cat-poltrona","9":"first","10":"instock","11":"sale","12":"taxable","13":"shipping-taxable","14":"purchasable","15":"product-type-simple"},"_links":{"self":[{"href":"https:\/\/www.aguilamuebles.cl\/tienda\/wp-json\/wp\/v2\/product\/7076","targetHints":{"allow":["GET"]}}],"collection":[{"href":"https:\/\/www.aguilamuebles.cl\/tienda\/wp-json\/wp\/v2\/product"}],"about":[{"href":"https:\/\/www.aguilamuebles.cl\/tienda\/wp-json\/wp\/v2\/types\/product"}],"replies":[{"embeddable":true,"href":"https:\/\/www.aguilamuebles.cl\/tienda\/wp-json\/wp\/v2\/comments?post=7076"}],"wp:featuredmedia":[{"embeddable":true,"href":"https:\/\/www.aguilamuebles.cl\/tienda\/wp-json\/wp\/v2\/media\/7077"}],"wp:attachment":[{"href":"https:\/\/www.aguilamuebles.cl\/tienda\/wp-json\/wp\/v2\/media?parent=7076"}],"wp:term":[{"taxonomy":"product_brand","embeddable":true,"href":"https:\/\/www.aguilamuebles.cl\/tienda\/wp-json\/wp\/v2\/product_brand?post=7076"},{"taxonomy":"product_cat","embeddable":true,"href":"https:\/\/www.aguilamuebles.cl\/tienda\/wp-json\/wp\/v2\/product_cat?post=7076"},{"taxonomy":"product_tag","embeddable":true,"href":"https:\/\/www.aguilamuebles.cl\/tienda\/wp-json\/wp\/v2\/product_tag?post=7076"}],"curies":[{"name":"wp","href":"https:\/\/api.w.org\/{rel}","templated":true}]}}